{"id":646,"date":"2023-05-07T16:33:42","date_gmt":"2023-05-07T14:33:42","guid":{"rendered":"https:\/\/depiclinic.pl\/?page_id=646"},"modified":"2026-02-16T20:05:23","modified_gmt":"2026-02-16T19:05:23","slug":"jak-przygotowac-sie-do-depilacji-laserowej","status":"publish","type":"page","link":"https:\/\/www.depiclinic.pl\/en\/jak-przygotowac-sie-do-depilacji-laserowej\/","title":{"rendered":"Jak przygotowa\u0107 si\u0119 do depilacji laserowej?"},"content":{"rendered":"<div data-elementor-type=\"wp-page\" data-elementor-id=\"646\" class=\"elementor elementor-646\" data-elementor-post-type=\"page\">\n\t\t\t\t\t\t<section class=\"elementor-section elementor-top-section elementor-element elementor-element-d8cd060 elementor-section-boxed elementor-section-height-default elementor-section-height-default\" data-id=\"d8cd060\" data-element_type=\"section\" data-e-type=\"section\" data-settings=\"{&quot;jet_parallax_layout_list&quot;:[]}\">\n\t\t\t\t\t\t<div class=\"elementor-container elementor-column-gap-default\">\n\t\t\t\t\t<div class=\"elementor-column elementor-col-100 elementor-top-column elementor-element elementor-element-f7790a4\" data-id=\"f7790a4\" data-element_type=\"column\" data-e-type=\"column\">\n\t\t\t<div class=\"elementor-widget-wrap\">\n\t\t\t\t\t\t\t<\/div>\n\t\t<\/div>\n\t\t\t\t\t<\/div>\n\t\t<\/section>\n\t\t\t\t<section class=\"elementor-section elementor-top-section elementor-element elementor-element-0cf65d7 elementor-section-boxed elementor-section-height-default elementor-section-height-default\" data-id=\"0cf65d7\" data-element_type=\"section\" data-e-type=\"section\" data-settings=\"{&quot;jet_parallax_layout_list&quot;:[]}\">\n\t\t\t\t\t\t<div class=\"elementor-container elementor-column-gap-default\">\n\t\t\t\t\t<div class=\"elementor-column elementor-col-33 elementor-top-column elementor-element elementor-element-69a6164\" data-id=\"69a6164\" data-element_type=\"column\" data-e-type=\"column\" data-settings=\"{&quot;background_background&quot;:&quot;classic&quot;}\">\n\t\t\t<div class=\"elementor-widget-wrap\">\n\t\t\t\t\t\t\t<\/div>\n\t\t<\/div>\n\t\t\t\t<div class=\"elementor-column elementor-col-66 elementor-top-column elementor-element elementor-element-ad5ef7a\" data-id=\"ad5ef7a\" data-element_type=\"column\" data-e-type=\"column\">\n\t\t\t<div class=\"elementor-widget-wrap elementor-element-populated\">\n\t\t\t\t\t\t<div class=\"elementor-element elementor-element-d39a885 elementor-widget elementor-widget-heading\" data-id=\"d39a885\" data-element_type=\"widget\" data-e-type=\"widget\" data-widget_type=\"heading.default\">\n\t\t\t\t<div class=\"elementor-widget-container\">\n\t\t\t\t\t<h4 class=\"elementor-heading-title elementor-size-default\">JAKIE S\u0104 PRZECIWWSKAZANIA DO ZABIEGU DEPILACJI LASEROWEJ?<\/h4>\t\t\t\t<\/div>\n\t\t\t\t<\/div>\n\t\t\t\t<div class=\"elementor-element elementor-element-0ca04cb elementor-widget elementor-widget-text-editor\" data-id=\"0ca04cb\" data-element_type=\"widget\" data-e-type=\"widget\" data-widget_type=\"text-editor.default\">\n\t\t\t\t<div class=\"elementor-widget-container\">\n\t\t\t\t\t\t\t\t\t<p>Generalnie nie ma wielu przeciwwskaza\u0144 dla przeprowadzenia zabiegu depilacji laserowej. Aby rozwia\u0107 w\u0105tpliwo\u015bci, ka\u017cdorazowo przed ka\u017cdym zabiegiem przeprowadzamy wywiad. Przeciwwskazania dzielimy na dwie grupy:<\/p>\t\t\t\t\t\t\t\t<\/div>\n\t\t\t\t<\/div>\n\t\t\t\t<div class=\"elementor-element elementor-element-6220217 elementor-widget elementor-widget-accordion\" data-id=\"6220217\" data-element_type=\"widget\" data-e-type=\"widget\" data-widget_type=\"accordion.default\">\n\t\t\t\t<div class=\"elementor-widget-container\">\n\t\t\t\t\t\t\t<div class=\"elementor-accordion\">\n\t\t\t\t\t\t\t<div class=\"elementor-accordion-item\">\n\t\t\t\t\t<div id=\"elementor-tab-title-1021\" class=\"elementor-tab-title\" data-tab=\"1\" role=\"button\" aria-controls=\"elementor-tab-content-1021\" aria-expanded=\"false\">\n\t\t\t\t\t\t\t\t\t\t\t\t\t<span class=\"elementor-accordion-icon elementor-accordion-icon-left\" aria-hidden=\"true\">\n\t\t\t\t\t\t\t\t\t\t\t\t\t\t\t<span class=\"elementor-accordion-icon-closed\"><i class=\"fas fa-plus\"><\/i><\/span>\n\t\t\t\t\t\t\t\t<span class=\"elementor-accordion-icon-opened\"><i class=\"fas fa-minus\"><\/i><\/span>\n\t\t\t\t\t\t\t\t\t\t\t\t\t\t<\/span>\n\t\t\t\t\t\t\t\t\t\t\t\t<a class=\"elementor-accordion-title\" tabindex=\"0\">Przeciwwskazania czasowe:<\/a>\n\t\t\t\t\t<\/div>\n\t\t\t\t\t<div id=\"elementor-tab-content-1021\" class=\"elementor-tab-content elementor-clearfix\" data-tab=\"1\" role=\"region\" aria-labelledby=\"elementor-tab-title-1021\"><ul><li>stan b\u0142ogos\u0142awiony, czyli ci\u0105\u017ca<\/li><li>\u015bwie\u017ca opalenizna (s\u0142oneczna, solarium oraz samoopalacz) w miejscach, kt\u00f3re planujemy podda\u0107 zabiegowi (zaprzesta\u0107 5 tygodni przed planowanym zabiegiem)<\/li><li>stosowanie kosmetyk\u00f3w, zi\u00f3\u0142, tabletek z Wit C, dziurawcem nagietkiem, herbatek odchudzaj\u0105cych (nale\u017cy odstawi\u0107 2-3 tygodnie przed planowanym zabiegiem)<\/li><li>przyjmowanie innych medykament\u00f3w zawieraj\u0105cych substancje, kt\u00f3re uczulaj\u0105 na \u015bwiat\u0142o<\/li><li>u\u017cywanie kremu z retinolem (przesta\u0107 u\u017cywa\u0107 3 tygodnie przed planowanym zabiegiem)<\/li><li>leki \u015bwiat\u0142o-uczulaj\u0105ce, antybiotyki<\/li><li>peeling (przesta\u0107 u\u017cywa\u0107 na 1 tydzie\u0144 przed planowanym zabiegiem)<\/li><li>opryszczka w miejscach planowanej depilacji laserowej<\/li><li>depilacja woskiem, depilatorem lub p\u0119set\u0105 (zaprzesta\u0107 1 miesi\u0105c przed planowanym zabiegiem)<\/li><li>basen lub sauna (zaprzesta\u0107 2-3 dni przed planowanym zabiegiem)<\/li><\/ul><\/div>\n\t\t\t\t<\/div>\n\t\t\t\t\t\t\t<div class=\"elementor-accordion-item\">\n\t\t\t\t\t<div id=\"elementor-tab-title-1022\" class=\"elementor-tab-title\" data-tab=\"2\" role=\"button\" aria-controls=\"elementor-tab-content-1022\" aria-expanded=\"false\">\n\t\t\t\t\t\t\t\t\t\t\t\t\t<span class=\"elementor-accordion-icon elementor-accordion-icon-left\" aria-hidden=\"true\">\n\t\t\t\t\t\t\t\t\t\t\t\t\t\t\t<span class=\"elementor-accordion-icon-closed\"><i class=\"fas fa-plus\"><\/i><\/span>\n\t\t\t\t\t\t\t\t<span class=\"elementor-accordion-icon-opened\"><i class=\"fas fa-minus\"><\/i><\/span>\n\t\t\t\t\t\t\t\t\t\t\t\t\t\t<\/span>\n\t\t\t\t\t\t\t\t\t\t\t\t<a class=\"elementor-accordion-title\" tabindex=\"0\">Przeciwwskazania wykluczaj\u0105ce mo\u017cliwo\u015b\u0107 przeprowadzenia zabiegu:<\/a>\n\t\t\t\t\t<\/div>\n\t\t\t\t\t<div id=\"elementor-tab-content-1022\" class=\"elementor-tab-content elementor-clearfix\" data-tab=\"2\" role=\"region\" aria-labelledby=\"elementor-tab-title-1022\"><ul><li>choroby nowotworowe<\/li><li>padaczka (wzgl\u0119dna)<\/li><li>fotodermatozy i choroby p\u0119cherzowe sk\u00f3ry<\/li><li>\u0142uszczyca, bielactwo<\/li><li>aktywne infekcje sk\u00f3ry<\/li><li>sk\u0142onno\u015b\u0107 do bliznowc\u00f3w<\/li><li>stwierdzona wcze\u015bniej podatno\u015b\u0107 na przebarwienia sk\u00f3ry<\/li><li>reticularis ( marmurkowa sk\u00f3ra )<\/li><li>siwe w\u0142osy<\/li><\/ul><\/div>\n\t\t\t\t<\/div>\n\t\t\t\t\t\t\t\t<\/div>\n\t\t\t\t\t\t<\/div>\n\t\t\t\t<\/div>\n\t\t\t\t\t<\/div>\n\t\t<\/div>\n\t\t\t\t\t<\/div>\n\t\t<\/section>\n\t\t\t\t<section class=\"elementor-section elementor-top-section elementor-element elementor-element-bf9d1d3 elementor-section-boxed elementor-section-height-default elementor-section-height-default\" data-id=\"bf9d1d3\" data-element_type=\"section\" data-e-type=\"section\" data-settings=\"{&quot;jet_parallax_layout_list&quot;:[]}\">\n\t\t\t\t\t\t<div class=\"elementor-container elementor-column-gap-default\">\n\t\t\t\t\t<div class=\"elementor-column elementor-col-33 elementor-top-column elementor-element elementor-element-75b8420\" data-id=\"75b8420\" data-element_type=\"column\" data-e-type=\"column\" data-settings=\"{&quot;background_background&quot;:&quot;classic&quot;}\">\n\t\t\t<div class=\"elementor-widget-wrap\">\n\t\t\t\t\t\t\t<\/div>\n\t\t<\/div>\n\t\t\t\t<div class=\"elementor-column elementor-col-66 elementor-top-column elementor-element elementor-element-d46881b\" data-id=\"d46881b\" data-element_type=\"column\" data-e-type=\"column\">\n\t\t\t<div class=\"elementor-widget-wrap elementor-element-populated\">\n\t\t\t\t\t\t<div class=\"elementor-element elementor-element-590e658 elementor-widget elementor-widget-heading\" data-id=\"590e658\" data-element_type=\"widget\" data-e-type=\"widget\" data-widget_type=\"heading.default\">\n\t\t\t\t<div class=\"elementor-widget-container\">\n\t\t\t\t\t<h4 class=\"elementor-heading-title elementor-size-default\"><span style=\"color: var( --e-global-color-primary );font-family: var( --e-global-typography-primary-font-family ), Sans-serif;font-size: 1.5rem;font-weight: var( --e-global-typography-primary-font-weight )\">NIEZB\u0118DNE PRZYGOTOWANIA<\/span><br>ZANIM ROZPOCZNIE SI\u0118 DEPILACJA LASEROWA <\/h4>\t\t\t\t<\/div>\n\t\t\t\t<\/div>\n\t\t\t\t<div class=\"elementor-element elementor-element-493d1ec elementor-widget elementor-widget-text-editor\" data-id=\"493d1ec\" data-element_type=\"widget\" data-e-type=\"widget\" data-widget_type=\"text-editor.default\">\n\t\t\t\t<div class=\"elementor-widget-container\">\n\t\t\t\t\t\t\t\t\t<ul><li>sk\u00f3ra w miejscach planowanej depilacji powinna by\u0107 czysta, aby zabieg by\u0142 bardziej komfortowy mo\u017cna posmarowa\u0107 jedynie kremem znieczulaj\u0105cym je\u015bli potrzebujemy znieczulenia<\/li><li>sk\u00f3ra w obr\u0119bie depilowanej powierzchni nie mo\u017ce by\u0107 sucha, podra\u017cniona. Je\u015bli tego wymaga, stosuj emolienty (kremy nawil\u017caj\u0105co-nat\u0142uszczaj\u0105ce-koj\u0105ce) kilka dni wcze\u015bniej. Je\u017celi tw\u00f3j organizm jest odwodniony, nale\u017cy dzie\u0144 wcze\u015bniej pi\u0107 du\u017co wody.<\/li><li>bezpo\u015brednio przed zabiegiem nale\u017cy ogoli\u0107 \u201ez w\u0142osem\u201d sk\u00f3r\u0119 w miejscach planowanej depilacji, ale pozostawi\u0107 kilka w\u0142os\u00f3w, aby mo\u017cna by\u0142o oceni\u0107 ich kolor i grubo\u015b\u0107<\/li><li>przed ka\u017cdym zabiegiem w\u0142os\u00f3w nie mo\u017cna wyrywa\u0107 (p\u0119seta, wosk, depilatory mechaniczne) przez okres 4 tygodni w przypadku twarzy i 6 tygodni w innych miejscach sk\u00f3ry. Mo\u017cna natomiast je goli\u0107 lub przycina\u0107<\/li><li>przed zabiegiem nie stosowa\u0107 krem\u00f3w z Vit. A, retinoidami (np. Isotrexin, Differin, Zorac, Retin A i inne) Vit. C, z kwasami owocowymi, i substancji z\u0142uszczaj\u0105cych w miejscu depilowanej powierzchni wymaga 4 tygodni przerwy przed ka\u017cdym zabiegiem. Preparaty o dzia\u0142aniu z\u0142uszczaj\u0105cym nale\u017cy odstawi\u0107 1 tydzie\u0144 wcze\u015bniej.<\/li><li>terapia doustna retinoidami (np. Roaccutane) wymaga p\u00f3\u0142rocznej przerwy pomi\u0119dzy ko\u0144cem kuracji i pierwszym zabiegiem.<\/li><li>o wszystkich stosowanych lekach doustnych i miejscowych nale\u017cy poinformowa\u0107 przed zabiegiem.<\/li><li>leki \u015bwiat\u0142o-uczulaj\u0105ce i niekt\u00f3re zio\u0142a (nagietek, dziurawiec, herbata Figura) musz\u0105 by\u0107 odstawione na 2 tygodnie przed zabiegiem.<\/li><li>opryszczka i inne aktywne infekcje na sk\u00f3rze okolicy depilowanej s\u0105 czasowym przeciwwskazaniem do zabiegu, depilacja jest mo\u017cliwa 2 tygodnie po ca\u0142kowitym ich wyleczeniu.<\/li><li>ca\u0142kowitym przeciwwskazaniem, ale czasowym, jest \u015bwie\u017ca opalenizna zar\u00f3wno uzyskana po s\u0142o\u0144cu jak i po solarium, a tak\u017ce br\u0105zowe zabarwienie sk\u00f3ry po samoopalaczach, kremach br\u0105zuj\u0105cych. Minimalna przerwa po opalaniu naturalnym oraz solarium to 4-6 tygodni<\/li><li>opalenizna uzyskana w wyniku stosowania samoopalaczy (kremy, zabiegi typu air-brush) stanowi przeciwwskazanie do zabiegu. Depilacja jest mo\u017cliwa po jej ust\u0105pieniu.<\/li><li>zabiegi kosmetyczne oczyszczania twarzy, w przypadku depilacji w tym miejscu, jest mo\u017cliwy 7 dni przed zabiegiem lub 14 dni po zabiegu.<\/li><\/ul>\t\t\t\t\t\t\t\t<\/div>\n\t\t\t\t<\/div>\n\t\t\t\t\t<\/div>\n\t\t<\/div>\n\t\t\t\t\t<\/div>\n\t\t<\/section>\n\t\t\t\t<section class=\"elementor-section elementor-top-section elementor-element elementor-element-e7caad9 elementor-section-boxed elementor-section-height-default elementor-section-height-default\" data-id=\"e7caad9\" data-element_type=\"section\" data-e-type=\"section\" data-settings=\"{&quot;jet_parallax_layout_list&quot;:[]}\">\n\t\t\t\t\t\t<div class=\"elementor-container elementor-column-gap-default\">\n\t\t\t\t\t<div class=\"elementor-column elementor-col-33 elementor-top-column elementor-element elementor-element-6b003ef\" data-id=\"6b003ef\" data-element_type=\"column\" data-e-type=\"column\" data-settings=\"{&quot;background_background&quot;:&quot;classic&quot;}\">\n\t\t\t<div class=\"elementor-widget-wrap\">\n\t\t\t\t\t\t\t<\/div>\n\t\t<\/div>\n\t\t\t\t<div class=\"elementor-column elementor-col-66 elementor-top-column elementor-element elementor-element-8e07f7c\" data-id=\"8e07f7c\" data-element_type=\"column\" data-e-type=\"column\">\n\t\t\t<div class=\"elementor-widget-wrap elementor-element-populated\">\n\t\t\t\t\t\t<div class=\"elementor-element elementor-element-9de0b5e elementor-widget elementor-widget-heading\" data-id=\"9de0b5e\" data-element_type=\"widget\" data-e-type=\"widget\" data-widget_type=\"heading.default\">\n\t\t\t\t<div class=\"elementor-widget-container\">\n\t\t\t\t\t<h4 class=\"elementor-heading-title elementor-size-default\">PO ZABIEGU DEPILACJI LASEROWEJ<\/h4>\t\t\t\t<\/div>\n\t\t\t\t<\/div>\n\t\t\t\t<div class=\"elementor-element elementor-element-7d268db elementor-widget elementor-widget-text-editor\" data-id=\"7d268db\" data-element_type=\"widget\" data-e-type=\"widget\" data-widget_type=\"text-editor.default\">\n\t\t\t\t<div class=\"elementor-widget-container\">\n\t\t\t\t\t\t\t\t\t<p>Naturalnym objawem po zabiegu jest czasowy obrz\u0119k i\/lub zaczerwienienie depilowanego obszaru sk\u00f3ry, kt\u00f3re ust\u0119puj\u0105 po kilku godzinach. W tym czasie (2-3 dni po zabiegu) sk\u00f3r\u0119 nale\u017cy traktowa\u0107 delikatnie:<\/p><ul><li>my\u0107 \u017celem bezmyd\u0142owym lub tonikiem albo mleczkiem bezalkoholowym, ew. czyst\u0105 wod\u0105<\/li><li>nie stosowa\u0107 dezodorant\u00f3w i antyperspirant\u00f3w (je\u015bli depilacja dotyczy\u0142a pach)<\/li><li>stosowa\u0107 zasypk\u0119 lub krem Alantan Plus albo Bepanthen, Dermopanthen, Alantan, Termcool<\/li><li>delikatnie sk\u00f3r\u0119 osusza\u0107, nie trze\u0107, nie dra\u017cni\u0107 w inny spos\u00f3b<\/li><li>preparaty o dzia\u0142aniu z\u0142uszczaj\u0105cym (np. peeling) wprowadzi\u0107 2 tygodnie od zabiegu<\/li><li>nale\u017cy unika\u0107 gor\u0105cych k\u0105pieli<\/li><li>opalanie si\u0119 (naturalne lub solarium) jest bezwzgl\u0119dnie przeciwwskazana do 4 tygodni po zabiegu. W tym okresie w miejscach nara\u017conych na bezpo\u015brednie dzia\u0142anie promieni UV konieczna jest ochrona (kremy z filtrami anty-UVA i UVB o wysokich wska\u017anikach ochrony \u2013 najlepiej 50 lub wi\u0119cej)<\/li><li>pomi\u0119dzy zabiegami nie stosowa\u0107 substancji i lek\u00f3w przeciwwskazanych<\/li><li>do ust\u0105pienia podra\u017cnienia nie korzysta\u0107 z basen\u00f3w oraz saun<\/li><li>nie wyrywa\u0107 w\u0142os\u00f3w przez minimum 6 tygodni (twarz minimum 4 tygodnie) \u2013 dopuszczalna depilacja maszynk\u0105 do golenia<\/li><li>kolejne zabiegi \u2013 (oko\u0142o 5 \u2013 8 zabieg\u00f3w) \u2013 nale\u017cy wykonywa\u0107 w odst\u0119pach \u015brednio 8-10 tygodni w przypadku n\u00f3g i plec\u00f3w oraz 4-6 tygodni w przypadku pozosta\u0142ych cz\u0119\u015bci cia\u0142a.<\/li><\/ul>\t\t\t\t\t\t\t\t<\/div>\n\t\t\t\t<\/div>\n\t\t\t\t\t<\/div>\n\t\t<\/div>\n\t\t\t\t\t<\/div>\n\t\t<\/section>\n\t\t\t\t<\/div>","protected":false},"excerpt":{"rendered":"<p>JAKIE S\u0104 PRZECIWWSKAZANIA DO ZABIEGU DEPILACJI LASEROWEJ? Generalnie nie ma wielu przeciwwskaza\u0144 dla przeprowadzenia zabiegu depilacji laserowej. Aby rozwia\u0107 w\u0105tpliwo\u015bci, ka\u017cdorazowo przed ka\u017cdym zabiegiem przeprowadzamy wywiad. Przeciwwskazania dzielimy na dwie grupy: Przeciwwskazania czasowe: stan b\u0142ogos\u0142awiony, czyli ci\u0105\u017ca \u015bwie\u017ca opalenizna (s\u0142oneczna, solarium oraz samoopalacz) w miejscach, kt\u00f3re planujemy podda\u0107 zabiegowi (zaprzesta\u0107 5 tygodni przed planowanym zabiegiem) [&hellip;]<\/p>\n","protected":false},"author":1,"featured_media":0,"parent":0,"menu_order":0,"comment_status":"closed","ping_status":"closed","template":"","meta":{"_acf_changed":false,"footnotes":""},"class_list":["post-646","page","type-page","status-publish","hentry"],"acf":[],"_links":{"self":[{"href":"https:\/\/www.depiclinic.pl\/en\/wp-json\/wp\/v2\/pages\/646","targetHints":{"allow":["GET"]}}],"collection":[{"href":"https:\/\/www.depiclinic.pl\/en\/wp-json\/wp\/v2\/pages"}],"about":[{"href":"https:\/\/www.depiclinic.pl\/en\/wp-json\/wp\/v2\/types\/page"}],"author":[{"embeddable":true,"href":"https:\/\/www.depiclinic.pl\/en\/wp-json\/wp\/v2\/users\/1"}],"replies":[{"embeddable":true,"href":"https:\/\/www.depiclinic.pl\/en\/wp-json\/wp\/v2\/comments?post=646"}],"version-history":[{"count":10,"href":"https:\/\/www.depiclinic.pl\/en\/wp-json\/wp\/v2\/pages\/646\/revisions"}],"predecessor-version":[{"id":2554,"href":"https:\/\/www.depiclinic.pl\/en\/wp-json\/wp\/v2\/pages\/646\/revisions\/2554"}],"wp:attachment":[{"href":"https:\/\/www.depiclinic.pl\/en\/wp-json\/wp\/v2\/media?parent=646"}],"curies":[{"name":"wp","href":"https:\/\/api.w.org\/{rel}","templated":true}]}}